{"id":14,"date":"2025-10-27T20:26:17","date_gmt":"2025-10-27T20:26:17","guid":{"rendered":"https:\/\/renaud-keymeulen.be\/?page_id=14"},"modified":"2025-10-30T12:50:14","modified_gmt":"2025-10-30T12:50:14","slug":"ressources","status":"publish","type":"page","link":"https:\/\/renaud-keymeulen.be\/index.php\/ressources\/","title":{"rendered":"Ressources"},"content":{"rendered":"\n<div class=\"wp-block-group alignfull has-accent-background-color has-background has-global-padding is-layout-constrained wp-container-core-group-is-layout-669513ed wp-block-group-is-layout-constrained\" style=\"margin-top:0;margin-bottom:0;padding-top:var(--wp--preset--spacing--50);padding-right:var(--wp--preset--spacing--50);padding-bottom:var(--wp--preset--spacing--50);padding-left:var(--wp--preset--spacing--50)\">\n<div class=\"wp-block-columns alignwide is-layout-flex wp-container-core-columns-is-layout-1da03c2a wp-block-columns-is-layout-flex\">\n<div class=\"wp-block-column is-vertically-aligned-stretch is-layout-flow wp-block-column-is-layout-flow\" style=\"flex-basis:50%\">\n<div class=\"wp-block-group is-vertical is-content-justification-stretch is-layout-flex wp-container-core-group-is-layout-444d5ee8 wp-block-group-is-layout-flex\" style=\"min-height:100%\">\n<p class=\"has-heading-font-family has-x-large-font-size\" style=\"line-height:1.2\">L&rsquo;Urgence de Reconna\u00eetre et Soutenir le C\u0153ur de l&rsquo;Enseignement, <\/p>\n\n\n\n<div class=\"wp-block-group has-global-padding is-content-justification-left is-layout-constrained wp-container-core-group-is-layout-9fe8ed88 wp-block-group-is-layout-constrained\">\n<p class=\"wp-container-content-0733e5d0\"><\/p>\n\n\n\n<div class=\"wp-block-buttons is-layout-flex wp-block-buttons-is-layout-flex\"><\/div>\n<\/div>\n<\/div>\n<\/div>\n\n\n\n<div class=\"wp-block-column is-vertically-aligned-center is-layout-flow wp-block-column-is-layout-flow\" style=\"flex-basis:50%\">\n<p>La crise qui secoue l&rsquo;enseignement en F\u00e9d\u00e9ration Wallonie-Bruxelles est un ph\u00e9nom\u00e8ne bien plus profond qu&rsquo;une simple question de structure rigide. Si le syst\u00e8me actuel manque cruellement de souplesse face \u00e0 une soci\u00e9t\u00e9 en constante mutation, l&rsquo;\u00e9chec r\u00e9side surtout dans l&rsquo;incapacit\u00e9 syst\u00e9mique de redorer le blason du m\u00e9tier de professeur et de garantir un v\u00e9ritable bien-\u00eatre \u00e0 ceux qui le portent.<\/p>\n\n\n\n<p>Derri\u00e8re la cascade des circulaires et des r\u00e9formes \u2013 dont le Pacte pour un Enseignement d&rsquo;excellence est l&rsquo;arch\u00e9type \u2013, il y a une dissonance alarmante. Les revendications des enseignants, on le sait, n&rsquo;\u00e9mergent v\u00e9ritablement que dans l&rsquo;urgence, en p\u00e9riode de \u00ab\u00a0di\u00e8te budg\u00e9taire\u00a0\u00bb ou lors d&rsquo;interventions minist\u00e9rielles. Pourquoi l&rsquo;\u00e9clairage ne se fait-il que dans la crise ?<\/p>\n\n\n\n<p>Nous devrions saisir les moments de \u00ab\u00a0paix\u00a0\u00bb relative pour d\u00e9velopper la conscience soci\u00e9tale sur ce que repr\u00e9sente r\u00e9ellement l&rsquo;engagement quotidien de ces professionnels. Au-del\u00e0 des programmes et des mati\u00e8res, l&rsquo;enseignant est un acteur essentiel : il est coach, confident, b\u00e9quille d&rsquo;\u00e9coute et intervenant extrascolaire pour ces \u00e9l\u00e8ves en perdition que l&rsquo;\u00e9cole est souvent la derni\u00e8re bou\u00e9e de sauvetage. Ce n&rsquo;est pas une simple transmission de savoir, c&rsquo;est un v\u00e9ritable don de soi qui g\u00e9n\u00e8re une charge mentale colossale, s&rsquo;alourdissant \u00e0 mesure que la soci\u00e9t\u00e9 semble partir en d\u00e9liquescence.<\/p>\n\n\n\n<p>Rajouter des missions \u2013 comme le pr\u00e9voit le Pacte \u2013 ou augmenter la charge horaire hebdomadaire est concevable si, et seulement si, ces ajouts sont compens\u00e9s. Il est temps d&rsquo;inverser la perspective. Avant d&rsquo;exiger toujours plus, ne pourrait-on pas lancer un audit approfondi du m\u00e9tier d&rsquo;enseignant ? Une v\u00e9ritable radiographie pour identifier et retirer les t\u00e2ches administratives obsol\u00e8tes et chronophages ou retirer certaines activit\u00e9s p\u00e9dagogiques d\u2019un autre temps qui parasitent leur mission premi\u00e8re : enseigner. Imaginons une simple liste, concr\u00e8te et audacieuse, de t\u00e2ches \u00e0 d\u00e9l\u00e9guer ou supprimer, distribu\u00e9e aux Pouvoirs Organisateurs. Cela leur permettrait d&rsquo;avoir une base pour r\u00e9inventer leur \u00e9cole en all\u00e9geant concr\u00e8tement la charge des professeurs et en restaurant leur l\u00e9gitimit\u00e9 professionnelle, cr\u00e9ant ainsi le bien-\u00eatre tant recherch\u00e9.<\/p>\n<\/div>\n<\/div>\n<\/div>\n\n\n\n<div class=\"wp-block-group alignfull has-base-background-color has-background has-global-padding is-layout-constrained wp-container-core-group-is-layout-d89aad35 wp-block-group-is-layout-constrained\" style=\"margin-top:0;margin-bottom:0;padding-top:var(--wp--preset--spacing--50);padding-right:var(--wp--preset--spacing--50);padding-bottom:var(--wp--preset--spacing--50);padding-left:var(--wp--preset--spacing--50)\">\n<div class=\"wp-block-columns alignwide is-layout-flex wp-container-core-columns-is-layout-549b0c86 wp-block-columns-is-layout-flex\">\n<div class=\"wp-block-column has-global-padding is-content-justification-left is-layout-constrained wp-container-core-column-is-layout-4f15e8fe wp-block-column-is-layout-constrained\" style=\"flex-basis:40%\">\n<p class=\"has-large-font-size\">En manque d&rsquo;oxyg\u00e8ne, l&rsquo;enseignement se meurt.<\/p>\n\n\n\n<p>Les statistiques ne sont pas nouvelles : de plus en plus d\u2019enseignants quittent la profession. Ce ph\u00e9nom\u00e8ne, qu\u2019on pourrait appeler le <strong>\u201cd\u00e9crochage enseignant\u201d<\/strong>, traduit un malaise profond, une v\u00e9ritable fi\u00e8vre qui r\u00e9v\u00e8le \u00e0 quel point notre syst\u00e8me \u00e9ducatif est malade. Depuis des ann\u00e9es, les ministres successifs de l\u2019enseignement se succ\u00e8dent au chevet de l\u2019\u00e9cole, concentrant leurs efforts sur les \u00e9l\u00e8ves&nbsp;;d\u00e9 crochage scolaire, \u00e9chec, harc\u00e8lement, inclusion, orientation&nbsp;; tout en poursuivant la qu\u00eate permanente d\u2019\u00e9conomies budg\u00e9taires.<br>Aucun reproche : ces chantiers sont essentiels. Mais une question demeure en suspens, lancinante. <strong>Quand va-t-on enfin s\u2019int\u00e9resser au patient \u201cprof\u201d ?<\/strong><\/p>\n\n\n\n<p>On voudrait croire que tout s\u2019explique par la stagnation salariale ou la pr\u00e9carisation du statut pour les nouveaux arrivants. Mais le malaise va bien au-del\u00e0. <strong>L\u2019asphyxie des enseignants<\/strong> s\u2019installe lentement, insidieusement, sous le poids des t\u00e2ches qui s\u2019accumulent d\u2019ann\u00e9e en ann\u00e9e. <\/p>\n<\/div>\n\n\n\n<div class=\"wp-block-column is-layout-flow wp-container-core-column-is-layout-119bc444 wp-block-column-is-layout-flow\" style=\"flex-basis:60%\">\n<div class=\"wp-block-columns is-layout-flex wp-container-core-columns-is-layout-87beb0d0 wp-block-columns-is-layout-flex\">\n<div class=\"wp-block-column is-layout-flow wp-block-column-is-layout-flow\">\n<p>R\u00e9unions, \u00e9valuations, projets, formations impos\u00e9es, &nbsp;: autant de couches successives qui finissent par recouvrir le c\u0153ur du m\u00e9tier. <\/p>\n\n\n\n<p><\/p>\n\n\n\n<p>Car <strong>le plaisir d\u2019enseigner est intimement li\u00e9 \u00e0 la libert\u00e9 d\u2019enseigner<\/strong>. Or, cette libert\u00e9 s\u2019effrite. Le cadre r\u00e9glementaire, toujours plus \u00e9pais, s\u2019\u00e9rige autour de la profession comme un mur qui emp\u00eache de voir la lumi\u00e8re \u2014 celle de la cr\u00e9ativit\u00e9, de l\u2019initiative, du choix. Le mot est l\u00e2ch\u00e9 : <strong>le choix<\/strong>. S\u2019il existe encore, l\u2019enseignant ne le per\u00e7oit plus. Chaque jour, tel un automate, il accomplit ce qu\u2019on lui demande, non par conviction, mais par obligation. Il n\u2019a plus le temps de s\u2019arr\u00eater, d\u2019\u00e9couter, d\u2019\u00e9changer, d\u2019agir avec plaisir et avec sens.<\/p>\n\n\n\n<p>Le <strong>flot ininterrompu des r\u00e9formes<\/strong> bouscule les \u00e9quipes, agite les syndicats et fragilise les directions d\u2019\u00e9tablissement. Ces derni\u00e8res, simples relais des injonctions minist\u00e9rielles, se retrouvent en premi\u00e8re ligne, souvent prises entre le marteau et l\u2019enclume : appliquer des directives toujours plus nombreuses, tout en maintenant la coh\u00e9sion d\u2019une \u00e9quipe qui se sent trahie.<br><\/p>\n\n\n\n<p><\/p>\n<\/div>\n\n\n\n<div class=\"wp-block-column is-layout-flow wp-block-column-is-layout-flow\">\n<p>Le r\u00e9sultat ? Une perte du <strong>sentiment d\u2019appartenance<\/strong>, une d\u00e9fiance g\u00e9n\u00e9ralis\u00e9e, et un repli sur soi. Les enseignants, \u00e9puis\u00e9s par les circulaires et les contestations, finissent par douter du sens m\u00eame de leur mission. <\/p>\n\n\n\n<p>Les rep\u00e8res s\u2019effacent, la <strong>chape de plomb<\/strong> s\u2019\u00e9paissit, et la survie devient la seule priorit\u00e9. Certes, il reste des p\u00e9riodes plus l\u00e9g\u00e8res, des moments de gr\u00e2ce dans la relation avec les \u00e9l\u00e8ves. Mais ils se rar\u00e9fient, \u00e9touff\u00e9s par la surcharge. Entre les corrections nocturnes, les r\u00e9unions tardives, les repas saut\u00e9s, les journ\u00e9es sans pause et les projets qu\u2019on veut \u201cconstructifs\u201d, <strong>l\u2019enseignant n\u2019a plus le temps de respirer<\/strong>. L\u2019oxyg\u00e8ne se fait rare.<br>Et, pour beaucoup, une seule solution s\u2019impose : <strong>quitter le m\u00e9tier<\/strong>, faute d\u2019attention, faute d\u2019\u00e9coute, faute d\u2019air.<\/p>\n\n\n\n<p>Les directions, elles aussi, \u00e9touffent. Elles aimeraient pouvoir aider, accompagner, redonner du souffle \u00e0 leurs \u00e9quipes. Mais comment le faire quand elles-m\u00eames portent un <strong>masque \u00e0 oxyg\u00e8ne<\/strong>, reli\u00e9 \u00e0 un syst\u00e8me qui ne cesse de resserrer l\u2019\u00e9tau ?<\/p>\n\n\n\n<p>Le d\u00e9crochage enseignant n\u2019est pas une d\u00e9mission individuelle, c\u2019est un cri collectif. Et si l\u2019\u00e9cole veut gu\u00e9rir, il faudra enfin \u00e9couter ceux qui la font vivre.<\/p>\n<\/div>\n<\/div>\n<\/div>\n<\/div>\n<\/div>\n\n\n\n<div class=\"wp-block-group alignfull has-accent-5-background-color has-background has-global-padding is-layout-constrained wp-container-core-group-is-layout-d89aad35 wp-block-group-is-layout-constrained\" style=\"margin-top:0;margin-bottom:0;padding-top:var(--wp--preset--spacing--50);padding-right:var(--wp--preset--spacing--50);padding-bottom:var(--wp--preset--spacing--50);padding-left:var(--wp--preset--spacing--50)\">\n<div class=\"wp-block-columns alignwide is-layout-flex wp-container-core-columns-is-layout-1da03c2a wp-block-columns-is-layout-flex\">\n<div class=\"wp-block-column is-vertically-aligned-center is-layout-flow wp-block-column-is-layout-flow\" style=\"flex-basis:60%\">\n<figure class=\"wp-block-image size-full is-style-rounded wp-duotone-duotone-1 is-style-rounded--1\"><img decoding=\"async\" src=\"https:\/\/renaud-keymeulen.be\/wp-content\/themes\/twentytwentyfour\/assets\/images\/abstract-geometric-art.webp\" alt=\"White abstract geometric artwork from Dresden, Germany\" style=\"aspect-ratio:4\/3;object-fit:cover\"\/><\/figure>\n<\/div>\n\n\n\n<div class=\"wp-block-column is-layout-flow wp-block-column-is-layout-flow\" style=\"flex-basis:40%\">\n<h2 class=\"wp-block-heading\">Guiding your business through the project<\/h2>\n\n\n\n<p>Experience the fusion of imagination and expertise with \u00c9tudes\u2014the catalyst for architectural transformations that enrich the world around us.<\/p>\n\n\n\n<div class=\"wp-block-buttons is-layout-flex wp-block-buttons-is-layout-flex\">\n<div class=\"wp-block-button\"><a class=\"wp-block-button__link wp-element-button\">Our services<\/a><\/div>\n<\/div>\n<\/div>\n<\/div>\n<\/div>\n\n\n\n<div class=\"wp-block-group alignfull has-global-padding is-layout-constrained wp-container-core-group-is-layout-669513ed wp-block-group-is-layout-constrained\" style=\"margin-top:0;margin-bottom:0;padding-top:var(--wp--preset--spacing--50);padding-right:var(--wp--preset--spacing--50);padding-bottom:var(--wp--preset--spacing--50);padding-left:var(--wp--preset--spacing--50)\">\n<div class=\"wp-block-group is-vertical is-content-justification-center is-layout-flex wp-container-core-group-is-layout-ce155fab wp-block-group-is-layout-flex\">\n<h2 class=\"wp-block-heading has-text-align-center has-xx-large-font-size\">Meet our team<\/h2>\n\n\n\n<p class=\"has-text-align-center\">Our comprehensive suite of professionals caters to a diverse team, ranging from seasoned architects to renowned engineers.<\/p>\n<\/div>\n\n\n\n<div style=\"height:var(--wp--preset--spacing--30)\" aria-hidden=\"true\" class=\"wp-block-spacer\"><\/div>\n\n\n\n<div class=\"wp-block-columns alignwide is-layout-flex wp-container-core-columns-is-layout-4935966c wp-block-columns-is-layout-flex\" style=\"padding-right:0;padding-left:0\">\n<div class=\"wp-block-column is-layout-flow wp-block-column-is-layout-flow\">\n\n\n<div class=\"wp-block-group is-vertical is-content-justification-center is-nowrap is-layout-flex wp-container-core-group-is-layout-21d4e958 wp-block-group-is-layout-flex\">\n<p class=\"has-text-align-center has-small-font-size\">\n\t\t\t\t\t<strong>Francesca Piovani<\/strong>\n\t\t\t\t<\/p>\n\n\n\n<p class=\"has-text-align-center has-small-font-size\">Founder, CEO &amp; Architect<\/p>\n<\/div>\n<\/div>\n\n\n\n<div class=\"wp-block-column is-layout-flow wp-block-column-is-layout-flow\">\n\n\n<div class=\"wp-block-group is-vertical is-content-justification-center is-nowrap is-layout-flex wp-container-core-group-is-layout-63bfd6c1 wp-block-group-is-layout-flex\">\n<p class=\"has-text-align-center has-small-font-size\">\n\t\t\t\t\t<strong>Rhye Moore<\/strong>\n\t\t\t\t<\/p>\n\n\n\n<p class=\"has-text-align-center has-small-font-size\">Engineering Manager<\/p>\n<\/div>\n<\/div>\n\n\n\n<div class=\"wp-block-column is-layout-flow wp-block-column-is-layout-flow\">\n\n\n<div class=\"wp-block-group is-vertical is-content-justification-center is-nowrap is-layout-flex wp-container-core-group-is-layout-63bfd6c1 wp-block-group-is-layout-flex\">\n<p class=\"has-text-align-center has-small-font-size\">\n\t\t\t\t\t<strong>Helga Steiner<\/strong>\n\t\t\t\t<\/p>\n\n\n\n<p class=\"has-text-align-center has-small-font-size\">Architect<\/p>\n<\/div>\n<\/div>\n\n\n\n<div class=\"wp-block-column is-layout-flow wp-block-column-is-layout-flow\">\n\n\n<div class=\"wp-block-group is-vertical is-content-justification-center is-nowrap is-layout-flex wp-container-core-group-is-layout-21d4e958 wp-block-group-is-layout-flex\">\n<p class=\"has-text-align-center has-small-font-size\">\n\t\t\t\t\t<strong>Ivan Lawrence<\/strong>\n\t\t\t\t<\/p>\n\n\n\n<p class=\"has-text-align-center has-small-font-size\">Project Manager<\/p>\n<\/div>\n<\/div>\n<\/div>\n<\/div>\n\n\n\n<div class=\"wp-block-group alignfull has-global-padding is-layout-constrained wp-container-core-group-is-layout-d89aad35 wp-block-group-is-layout-constrained\" style=\"margin-top:0;margin-bottom:0;padding-top:var(--wp--preset--spacing--50);padding-right:var(--wp--preset--spacing--50);padding-bottom:var(--wp--preset--spacing--50);padding-left:var(--wp--preset--spacing--50)\">\n<div class=\"wp-block-group alignwide has-base-2-background-color has-background is-layout-flow wp-block-group-is-layout-flow\" style=\"border-radius:16px;padding-top:var(--wp--preset--spacing--50);padding-right:var(--wp--preset--spacing--50);padding-bottom:var(--wp--preset--spacing--50);padding-left:var(--wp--preset--spacing--50)\">\n<p class=\"has-text-align-center\">We\u2019ve worked with some of the best companies.<\/p>\n\n\n\n<div style=\"height:var(--wp--preset--spacing--10)\" aria-hidden=\"true\" class=\"wp-block-spacer\"><\/div>\n\n\n\n<div class=\"wp-block-group alignwide is-content-justification-center is-layout-flex wp-container-core-group-is-layout-f95ffa09 wp-block-group-is-layout-flex\" style=\"padding-top:0;padding-right:0;padding-bottom:0;padding-left:0\">\n\n\n\n\n\n\n\n<\/div>\n<\/div>\n<\/div>\n\n\n\n<div class=\"wp-block-group alignfull has-base-color has-contrast-background-color has-text-color has-background has-link-color wp-elements-101a04cdb3b42d663bcc7a6d349413a7 has-global-padding is-layout-constrained wp-container-core-group-is-layout-d89aad35 wp-block-group-is-layout-constrained\" style=\"margin-top:0;margin-bottom:0;padding-top:var(--wp--preset--spacing--50);padding-right:var(--wp--preset--spacing--50);padding-bottom:var(--wp--preset--spacing--50);padding-left:var(--wp--preset--spacing--50)\">\n<h2 class=\"wp-block-heading alignwide has-base-color has-text-color has-link-color wp-elements-c9b5699bdecff18878afa112249018b5\" style=\"font-size:clamp(4.509rem, 4.509rem + ((1vw - 0.2rem) * 9.152), 10rem);letter-spacing:-0.02em\">FAQs<\/h2>\n\n\n\n<div class=\"wp-block-group alignwide is-layout-flow wp-block-group-is-layout-flow\">\n<hr class=\"wp-block-separator has-text-color has-base-color has-alpha-channel-opacity has-base-background-color has-background is-style-wide\" style=\"margin-top:var(--wp--preset--spacing--30);margin-bottom:var(--wp--preset--spacing--30)\"\/>\n\n\n\n<h3 class=\"wp-block-heading alignwide has-base-2-color has-text-color has-link-color wp-elements-aaab986b024c2d4977bb000716db54d9\">What is your process working in smaller projects?<\/h3>\n\n\n\n<p class=\"has-contrast-1-color has-text-color has-link-color wp-elements-c7a6a2949ec955eb29254d2d7fb719b9\">\u00c9tudes offers comprehensive consulting, management, design, and research solutions. Our vision is to be at the forefront of architectural innovation, fostering a global community of architects and enthusiasts united by a passion for creating spaces. Every architectural endeavor is an opportunity to shape the future.<\/p>\n\n\n\n<hr class=\"wp-block-separator has-text-color has-base-color has-alpha-channel-opacity has-base-background-color has-background is-style-wide\" style=\"margin-top:var(--wp--preset--spacing--30);margin-bottom:var(--wp--preset--spacing--30)\"\/>\n\n\n\n<h3 class=\"wp-block-heading alignwide has-base-2-color has-text-color has-link-color wp-elements-6841db075a14f0d13730a94476d47523\">Who is behind \u00c9tudes?<\/h3>\n\n\n\n<p class=\"has-contrast-1-color has-text-color has-link-color wp-elements-c7a6a2949ec955eb29254d2d7fb719b9\">\u00c9tudes offers comprehensive consulting, management, design, and research solutions. Our vision is to be at the forefront of architectural innovation, fostering a global community of architects and enthusiasts united by a passion for creating spaces. Every architectural endeavor is an opportunity to shape the future.<\/p>\n\n\n\n<hr class=\"wp-block-separator has-text-color has-base-color has-alpha-channel-opacity has-base-background-color has-background is-style-wide\" style=\"margin-top:var(--wp--preset--spacing--30);margin-bottom:var(--wp--preset--spacing--30)\"\/>\n\n\n\n<h3 class=\"wp-block-heading alignwide has-base-2-color has-text-color has-link-color wp-elements-39ea32c6355da907b8471851adc98695\">I&rsquo;d like to get to meet fellow architects, how can I do that?<\/h3>\n\n\n\n<p class=\"has-contrast-1-color has-text-color has-link-color wp-elements-c7a6a2949ec955eb29254d2d7fb719b9\">\u00c9tudes offers comprehensive consulting, management, design, and research solutions. Our vision is to be at the forefront of architectural innovation, fostering a global community of architects and enthusiasts united by a passion for creating spaces. Every architectural endeavor is an opportunity to shape the future.<\/p>\n\n\n\n<hr class=\"wp-block-separator has-text-color has-base-color has-alpha-channel-opacity has-base-background-color has-background is-style-wide\" style=\"margin-top:var(--wp--preset--spacing--30);margin-bottom:var(--wp--preset--spacing--30)\"\/>\n\n\n\n<h3 class=\"wp-block-heading alignwide has-base-2-color has-text-color has-link-color wp-elements-78f520ac6cd959b539da8bed9b65b7a2\">Can I apply to be a part of the team or work as a contractor?<\/h3>\n\n\n\n<p class=\"has-contrast-1-color has-text-color has-link-color wp-elements-c7a6a2949ec955eb29254d2d7fb719b9\">\u00c9tudes offers comprehensive consulting, management, design, and research solutions. Our vision is to be at the forefront of architectural innovation, fostering a global community of architects and enthusiasts united by a passion for creating spaces. Every architectural endeavor is an opportunity to shape the future.<\/p>\n\n\n\n<div style=\"margin-top:var(--wp--preset--spacing--10);margin-bottom:0;height:var(--wp--preset--spacing--10)\" aria-hidden=\"true\" class=\"wp-block-spacer\"><\/div>\n<\/div>\n<\/div>\n\n\n\n<div class=\"wp-block-group alignfull has-global-padding is-layout-constrained wp-container-core-group-is-layout-d89aad35 wp-block-group-is-layout-constrained\" style=\"margin-top:0;margin-bottom:0;padding-top:var(--wp--preset--spacing--50);padding-right:var(--wp--preset--spacing--50);padding-bottom:var(--wp--preset--spacing--50);padding-left:var(--wp--preset--spacing--50)\">\n<div class=\"wp-block-columns alignwide are-vertically-aligned-center is-layout-flex wp-container-core-columns-is-layout-47c06fe3 wp-block-columns-is-layout-flex\">\n<div class=\"wp-block-column is-vertically-aligned-center is-layout-flow wp-block-column-is-layout-flow\" style=\"flex-basis:50%\">\n<h2 class=\"wp-block-heading\">Enhance your architectural journey with the \u00c9tudes Architect app.<\/h2>\n\n\n\n<ul style=\"line-height:1.75\" class=\"wp-block-list is-style-checkmark-list\">\n<li>Collaborate with fellow architects.<\/li>\n\n\n\n<li>Showcase your projects.<\/li>\n\n\n\n<li>Experience the world of architecture.<\/li>\n<\/ul>\n\n\n\n<div class=\"wp-block-buttons is-layout-flex wp-block-buttons-is-layout-flex\">\n<div class=\"wp-block-button\"><a class=\"wp-block-button__link wp-element-button\">Download app<\/a><\/div>\n\n\n\n<div class=\"wp-block-button is-style-outline is-style-outline--6\"><a class=\"wp-block-button__link wp-element-button\">How it works<\/a><\/div>\n<\/div>\n<\/div>\n\n\n\n<div class=\"wp-block-column is-vertically-aligned-center is-layout-flow wp-block-column-is-layout-flow\" style=\"flex-basis:50%\">\n<figure class=\"wp-block-image size-full is-style-rounded is-style-rounded--7\"><img decoding=\"async\" src=\"https:\/\/renaud-keymeulen.be\/wp-content\/themes\/twentytwentyfour\/assets\/images\/abstract-geometric-art.webp\" alt=\"White abstract geometric artwork from Dresden, Germany\" style=\"aspect-ratio:4\/3;object-fit:cover\"\/><\/figure>\n<\/div>\n<\/div>\n<\/div>\n","protected":false},"excerpt":{"rendered":"<p>L&rsquo;Urgence de Reconna\u00eetre et Soutenir le C\u0153ur de l&rsquo;Enseignement, La crise qui secoue l&rsquo;enseignement en F\u00e9d\u00e9ration Wallonie-Bruxelles est un ph\u00e9nom\u00e8ne bien plus profond qu&rsquo;une simple question de structure rigide. Si le syst\u00e8me actuel manque cruellement de souplesse face \u00e0 une soci\u00e9t\u00e9 en constante mutation, l&rsquo;\u00e9chec r\u00e9side surtout dans l&rsquo;incapacit\u00e9 syst\u00e9mique de redorer le blason du [&hellip;]<\/p>\n","protected":false},"author":1,"featured_media":0,"parent":0,"menu_order":0,"comment_status":"closed","ping_status":"closed","template":"","meta":{"footnotes":""},"class_list":["post-14","page","type-page","status-publish","hentry"],"yoast_head":"<!-- This site is optimized with the Yoast SEO plugin v26.2 - https:\/\/yoast.com\/wordpress\/plugins\/seo\/ -->\n<title>Ressources - Pour un autre enseignement<\/title>\n<meta name=\"robots\" content=\"index, follow, max-snippet:-1, max-image-preview:large, max-video-preview:-1\" \/>\n<link rel=\"canonical\" href=\"https:\/\/renaud-keymeulen.be\/index.php\/ressources\/\" \/>\n<meta property=\"og:locale\" content=\"fr_FR\" \/>\n<meta property=\"og:type\" content=\"article\" \/>\n<meta property=\"og:title\" content=\"Ressources - Pour un autre enseignement\" \/>\n<meta property=\"og:description\" content=\"L&rsquo;Urgence de Reconna\u00eetre et Soutenir le C\u0153ur de l&rsquo;Enseignement, La crise qui secoue l&rsquo;enseignement en F\u00e9d\u00e9ration Wallonie-Bruxelles est un ph\u00e9nom\u00e8ne bien plus profond qu&rsquo;une simple question de structure rigide. Si le syst\u00e8me actuel manque cruellement de souplesse face \u00e0 une soci\u00e9t\u00e9 en constante mutation, l&rsquo;\u00e9chec r\u00e9side surtout dans l&rsquo;incapacit\u00e9 syst\u00e9mique de redorer le blason du [&hellip;]\" \/>\n<meta property=\"og:url\" content=\"https:\/\/renaud-keymeulen.be\/index.php\/ressources\/\" \/>\n<meta property=\"og:site_name\" content=\"Pour un autre enseignement\" \/>\n<meta property=\"article:modified_time\" content=\"2025-10-30T12:50:14+00:00\" \/>\n<meta property=\"og:image\" content=\"https:\/\/renaud-keymeulen.be\/wp-content\/themes\/twentytwentyfour\/assets\/images\/abstract-geometric-art.webp\" \/>\n<meta name=\"twitter:card\" content=\"summary_large_image\" \/>\n<meta name=\"twitter:label1\" content=\"Dur\u00e9e de lecture est.\" \/>\n\t<meta name=\"twitter:data1\" content=\"8 minutes\" \/>\n<script type=\"application\/ld+json\" class=\"yoast-schema-graph\">{\"@context\":\"https:\/\/schema.org\",\"@graph\":[{\"@type\":\"WebPage\",\"@id\":\"https:\/\/renaud-keymeulen.be\/index.php\/ressources\/\",\"url\":\"https:\/\/renaud-keymeulen.be\/index.php\/ressources\/\",\"name\":\"Ressources - Pour un autre enseignement\",\"isPartOf\":{\"@id\":\"http:\/\/renaud-keymeulen.be\/#website\"},\"primaryImageOfPage\":{\"@id\":\"https:\/\/renaud-keymeulen.be\/index.php\/ressources\/#primaryimage\"},\"image\":{\"@id\":\"https:\/\/renaud-keymeulen.be\/index.php\/ressources\/#primaryimage\"},\"thumbnailUrl\":\"https:\/\/renaud-keymeulen.be\/wp-content\/themes\/twentytwentyfour\/assets\/images\/abstract-geometric-art.webp\",\"datePublished\":\"2025-10-27T20:26:17+00:00\",\"dateModified\":\"2025-10-30T12:50:14+00:00\",\"breadcrumb\":{\"@id\":\"https:\/\/renaud-keymeulen.be\/index.php\/ressources\/#breadcrumb\"},\"inLanguage\":\"fr-BE\",\"potentialAction\":[{\"@type\":\"ReadAction\",\"target\":[\"https:\/\/renaud-keymeulen.be\/index.php\/ressources\/\"]}]},{\"@type\":\"ImageObject\",\"inLanguage\":\"fr-BE\",\"@id\":\"https:\/\/renaud-keymeulen.be\/index.php\/ressources\/#primaryimage\",\"url\":\"https:\/\/renaud-keymeulen.be\/wp-content\/themes\/twentytwentyfour\/assets\/images\/abstract-geometric-art.webp\",\"contentUrl\":\"https:\/\/renaud-keymeulen.be\/wp-content\/themes\/twentytwentyfour\/assets\/images\/abstract-geometric-art.webp\"},{\"@type\":\"BreadcrumbList\",\"@id\":\"https:\/\/renaud-keymeulen.be\/index.php\/ressources\/#breadcrumb\",\"itemListElement\":[{\"@type\":\"ListItem\",\"position\":1,\"name\":\"Accueil\",\"item\":\"http:\/\/renaud-keymeulen.be\/\"},{\"@type\":\"ListItem\",\"position\":2,\"name\":\"Ressources\"}]},{\"@type\":\"WebSite\",\"@id\":\"http:\/\/renaud-keymeulen.be\/#website\",\"url\":\"http:\/\/renaud-keymeulen.be\/\",\"name\":\"Pour un autre enseignement\",\"description\":\"Apprendre avec plaisir et efficacit\u00e9 devrait \u00eatre un minimum pour notre enseignement\",\"potentialAction\":[{\"@type\":\"SearchAction\",\"target\":{\"@type\":\"EntryPoint\",\"urlTemplate\":\"http:\/\/renaud-keymeulen.be\/?s={search_term_string}\"},\"query-input\":{\"@type\":\"PropertyValueSpecification\",\"valueRequired\":true,\"valueName\":\"search_term_string\"}}],\"inLanguage\":\"fr-BE\"}]}<\/script>\n<!-- \/ Yoast SEO plugin. -->","yoast_head_json":{"title":"Ressources - Pour un autre enseignement","robots":{"index":"index","follow":"follow","max-snippet":"max-snippet:-1","max-image-preview":"max-image-preview:large","max-video-preview":"max-video-preview:-1"},"canonical":"https:\/\/renaud-keymeulen.be\/index.php\/ressources\/","og_locale":"fr_FR","og_type":"article","og_title":"Ressources - Pour un autre enseignement","og_description":"L&rsquo;Urgence de Reconna\u00eetre et Soutenir le C\u0153ur de l&rsquo;Enseignement, La crise qui secoue l&rsquo;enseignement en F\u00e9d\u00e9ration Wallonie-Bruxelles est un ph\u00e9nom\u00e8ne bien plus profond qu&rsquo;une simple question de structure rigide. Si le syst\u00e8me actuel manque cruellement de souplesse face \u00e0 une soci\u00e9t\u00e9 en constante mutation, l&rsquo;\u00e9chec r\u00e9side surtout dans l&rsquo;incapacit\u00e9 syst\u00e9mique de redorer le blason du [&hellip;]","og_url":"https:\/\/renaud-keymeulen.be\/index.php\/ressources\/","og_site_name":"Pour un autre enseignement","article_modified_time":"2025-10-30T12:50:14+00:00","og_image":[{"url":"https:\/\/renaud-keymeulen.be\/wp-content\/themes\/twentytwentyfour\/assets\/images\/abstract-geometric-art.webp","type":"","width":"","height":""}],"twitter_card":"summary_large_image","twitter_misc":{"Dur\u00e9e de lecture est.":"8 minutes"},"schema":{"@context":"https:\/\/schema.org","@graph":[{"@type":"WebPage","@id":"https:\/\/renaud-keymeulen.be\/index.php\/ressources\/","url":"https:\/\/renaud-keymeulen.be\/index.php\/ressources\/","name":"Ressources - Pour un autre enseignement","isPartOf":{"@id":"http:\/\/renaud-keymeulen.be\/#website"},"primaryImageOfPage":{"@id":"https:\/\/renaud-keymeulen.be\/index.php\/ressources\/#primaryimage"},"image":{"@id":"https:\/\/renaud-keymeulen.be\/index.php\/ressources\/#primaryimage"},"thumbnailUrl":"https:\/\/renaud-keymeulen.be\/wp-content\/themes\/twentytwentyfour\/assets\/images\/abstract-geometric-art.webp","datePublished":"2025-10-27T20:26:17+00:00","dateModified":"2025-10-30T12:50:14+00:00","breadcrumb":{"@id":"https:\/\/renaud-keymeulen.be\/index.php\/ressources\/#breadcrumb"},"inLanguage":"fr-BE","potentialAction":[{"@type":"ReadAction","target":["https:\/\/renaud-keymeulen.be\/index.php\/ressources\/"]}]},{"@type":"ImageObject","inLanguage":"fr-BE","@id":"https:\/\/renaud-keymeulen.be\/index.php\/ressources\/#primaryimage","url":"https:\/\/renaud-keymeulen.be\/wp-content\/themes\/twentytwentyfour\/assets\/images\/abstract-geometric-art.webp","contentUrl":"https:\/\/renaud-keymeulen.be\/wp-content\/themes\/twentytwentyfour\/assets\/images\/abstract-geometric-art.webp"},{"@type":"BreadcrumbList","@id":"https:\/\/renaud-keymeulen.be\/index.php\/ressources\/#breadcrumb","itemListElement":[{"@type":"ListItem","position":1,"name":"Accueil","item":"http:\/\/renaud-keymeulen.be\/"},{"@type":"ListItem","position":2,"name":"Ressources"}]},{"@type":"WebSite","@id":"http:\/\/renaud-keymeulen.be\/#website","url":"http:\/\/renaud-keymeulen.be\/","name":"Pour un autre enseignement","description":"Apprendre avec plaisir et efficacit\u00e9 devrait \u00eatre un minimum pour notre enseignement","potentialAction":[{"@type":"SearchAction","target":{"@type":"EntryPoint","urlTemplate":"http:\/\/renaud-keymeulen.be\/?s={search_term_string}"},"query-input":{"@type":"PropertyValueSpecification","valueRequired":true,"valueName":"search_term_string"}}],"inLanguage":"fr-BE"}]}},"_links":{"self":[{"href":"https:\/\/renaud-keymeulen.be\/index.php\/wp-json\/wp\/v2\/pages\/14","targetHints":{"allow":["GET"]}}],"collection":[{"href":"https:\/\/renaud-keymeulen.be\/index.php\/wp-json\/wp\/v2\/pages"}],"about":[{"href":"https:\/\/renaud-keymeulen.be\/index.php\/wp-json\/wp\/v2\/types\/page"}],"author":[{"embeddable":true,"href":"https:\/\/renaud-keymeulen.be\/index.php\/wp-json\/wp\/v2\/users\/1"}],"replies":[{"embeddable":true,"href":"https:\/\/renaud-keymeulen.be\/index.php\/wp-json\/wp\/v2\/comments?post=14"}],"version-history":[{"count":4,"href":"https:\/\/renaud-keymeulen.be\/index.php\/wp-json\/wp\/v2\/pages\/14\/revisions"}],"predecessor-version":[{"id":148,"href":"https:\/\/renaud-keymeulen.be\/index.php\/wp-json\/wp\/v2\/pages\/14\/revisions\/148"}],"wp:attachment":[{"href":"https:\/\/renaud-keymeulen.be\/index.php\/wp-json\/wp\/v2\/media?parent=14"}],"curies":[{"name":"wp","href":"https:\/\/api.w.org\/{rel}","templated":true}]}}