{"id":23,"date":"2025-10-27T20:37:19","date_gmt":"2025-10-27T20:37:19","guid":{"rendered":"https:\/\/renaud-keymeulen.be\/?page_id=23"},"modified":"2025-10-30T13:38:54","modified_gmt":"2025-10-30T13:38:54","slug":"espace-presse","status":"publish","type":"page","link":"https:\/\/renaud-keymeulen.be\/index.php\/espace-presse\/","title":{"rendered":"Espace presse"},"content":{"rendered":"\n<div class=\"wp-block-group alignfull has-accent-background-color has-background has-global-padding is-layout-constrained wp-container-core-group-is-layout-669513ed wp-block-group-is-layout-constrained\" style=\"margin-top:0;margin-bottom:0;padding-top:var(--wp--preset--spacing--50);padding-right:var(--wp--preset--spacing--50);padding-bottom:var(--wp--preset--spacing--50);padding-left:var(--wp--preset--spacing--50)\">\n<div class=\"wp-block-columns alignwide is-layout-flex wp-container-core-columns-is-layout-1da03c2a wp-block-columns-is-layout-flex\">\n<div class=\"wp-block-column is-vertically-aligned-stretch is-layout-flow wp-block-column-is-layout-flow\" style=\"flex-basis:50%\">\n<div class=\"wp-block-group is-vertical is-content-justification-stretch is-layout-flex wp-container-core-group-is-layout-444d5ee8 wp-block-group-is-layout-flex\" style=\"min-height:100%\">\n<p class=\"has-heading-font-family has-x-large-font-size\" style=\"line-height:1.2\">Kit marketing<\/p>\n\n\n\n<figure class=\"wp-block-image size-full is-resized\"><img loading=\"lazy\" decoding=\"async\" width=\"1024\" height=\"1024\" src=\"https:\/\/renaud-keymeulen.be\/wp-content\/uploads\/2025\/10\/ChatGPT-Image-28-oct.-2025-22_12_47.png\" alt=\"\" class=\"wp-image-125\" style=\"width:168px;height:auto\" srcset=\"https:\/\/renaud-keymeulen.be\/wp-content\/uploads\/2025\/10\/ChatGPT-Image-28-oct.-2025-22_12_47.png 1024w, https:\/\/renaud-keymeulen.be\/wp-content\/uploads\/2025\/10\/ChatGPT-Image-28-oct.-2025-22_12_47-300x300.png 300w, https:\/\/renaud-keymeulen.be\/wp-content\/uploads\/2025\/10\/ChatGPT-Image-28-oct.-2025-22_12_47-150x150.png 150w, https:\/\/renaud-keymeulen.be\/wp-content\/uploads\/2025\/10\/ChatGPT-Image-28-oct.-2025-22_12_47-768x768.png 768w\" sizes=\"auto, (max-width: 1024px) 100vw, 1024px\" \/><\/figure>\n\n\n\n<div class=\"wp-block-group has-global-padding is-content-justification-left is-layout-constrained wp-container-core-group-is-layout-9fe8ed88 wp-block-group-is-layout-constrained\">\n<p class=\"wp-container-content-0733e5d0\"><\/p>\n<\/div>\n<\/div>\n<\/div>\n\n\n\n<div class=\"wp-block-column is-vertically-aligned-center is-layout-flow wp-block-column-is-layout-flow\" style=\"flex-basis:50%\">\n<p>Biographie<\/p>\n\n\n\n<p>Storytelling<\/p>\n\n\n\n<p>Philosophie p\u00e9dagogique<\/p>\n\n\n\n<p>Photos<\/p>\n\n\n\n<p><a href=\"https:\/\/padlet.com\/kmimasbl\/centres-ludop-dagogiques-des-talents-ygv4pt5dpo9kz2sc\">Lien vers un padlet avec des articles<\/a><\/p>\n<\/div>\n<\/div>\n<\/div>\n\n\n\n<div class=\"wp-block-group alignfull has-accent-background-color has-background has-global-padding is-layout-constrained wp-container-core-group-is-layout-669513ed wp-block-group-is-layout-constrained\" style=\"margin-top:0;margin-bottom:0;padding-top:var(--wp--preset--spacing--50);padding-right:var(--wp--preset--spacing--50);padding-bottom:var(--wp--preset--spacing--50);padding-left:var(--wp--preset--spacing--50)\">\n<div class=\"wp-block-columns alignwide is-layout-flex wp-container-core-columns-is-layout-1da03c2a wp-block-columns-is-layout-flex\">\n<div class=\"wp-block-column is-vertically-aligned-stretch is-layout-flow wp-block-column-is-layout-flow\" style=\"flex-basis:50%\">\n<div class=\"wp-block-group is-vertical is-content-justification-stretch is-layout-flex wp-container-core-group-is-layout-444d5ee8 wp-block-group-is-layout-flex\" style=\"min-height:100%\">\n<p class=\"has-heading-font-family has-x-large-font-size\" style=\"line-height:1.2\">Biographie<\/p>\n\n\n\n<div class=\"wp-block-group has-global-padding is-content-justification-left is-layout-constrained wp-container-core-group-is-layout-9fe8ed88 wp-block-group-is-layout-constrained\">\n<p class=\"wp-container-content-0733e5d0\"><\/p>\n<\/div>\n<\/div>\n<\/div>\n\n\n\n<div class=\"wp-block-column is-vertically-aligned-center is-layout-flow wp-block-column-is-layout-flow\" style=\"flex-basis:50%\">\n<p>Renaud Keymeulen, n\u00e9 en 1976, est un p\u00e9dagogue belge reconnu pour son engagement dans les <strong>p\u00e9dagogies actives<\/strong> et la <strong>ludop\u00e9dagogie<\/strong>. Form\u00e9 en sciences de l\u2019\u00e9ducation \u00e0 l\u2019UCLouvain, il a enseign\u00e9 plus de vingt ans avant de devenir formateur et conf\u00e9rencier. Fondateur de l\u2019asbl <strong>KMIM<\/strong>, il promeut un enseignement bas\u00e9 sur le plaisir,  le sens de l&rsquo;apprenssage, la diff\u00e9renciation des p\u00e9dagogies et le bien-\u00eatre des \u00e9l\u00e8ves. Auteur d\u2019ouvrages et de jeux p\u00e9dagogiques, il milite pour une \u00e9cole centr\u00e9e sur le plaisir d\u2019apprendre. Son approche allie rigueur, cr\u00e9ativit\u00e9 et humanisme \u00e9ducatif.<\/p>\n<\/div>\n<\/div>\n<\/div>\n\n\n\n<div class=\"wp-block-group alignfull has-accent-background-color has-background has-global-padding is-layout-constrained wp-container-core-group-is-layout-669513ed wp-block-group-is-layout-constrained\" style=\"margin-top:0;margin-bottom:0;padding-top:var(--wp--preset--spacing--50);padding-right:var(--wp--preset--spacing--50);padding-bottom:var(--wp--preset--spacing--50);padding-left:var(--wp--preset--spacing--50)\">\n<div class=\"wp-block-columns alignwide is-layout-flex wp-container-core-columns-is-layout-1da03c2a wp-block-columns-is-layout-flex\">\n<div class=\"wp-block-column is-vertically-aligned-stretch is-layout-flow wp-block-column-is-layout-flow\" style=\"flex-basis:50%\">\n<div class=\"wp-block-group is-vertical is-content-justification-stretch is-layout-flex wp-container-core-group-is-layout-444d5ee8 wp-block-group-is-layout-flex\" style=\"min-height:100%\">\n<p class=\"has-heading-font-family has-x-large-font-size\" style=\"line-height:1.2\">Storytelling<\/p>\n\n\n\n<p>Enfant, <strong>Renaud Keymeulen<\/strong> a d\u00fb s\u2019accrocher. L\u2019\u00e9cole, pour lui, n\u2019avait ni sens ni saveur. Ses <strong>troubles de l\u2019apprentissage<\/strong> rendaient chaque journ\u00e9e plus rude, chaque r\u00e9ussite plus fragile. Soutenu par un encadrement familial solide, il a pourtant tenu bon, franchissant une \u00e0 une les \u00e9tapes d\u2019un parcours scolaire sem\u00e9 d\u2019obstacles.<\/p>\n\n\n\n<p>C\u2019est bien plus tard, au moment de ses <strong>\u00e9tudes de professeur<\/strong>, qu\u2019il d\u00e9couvre enfin le plaisir d\u2019apprendre, le go\u00fbt de comprendre, et surtout, la libert\u00e9 d\u2019enseigner autrement.<\/p>\n\n\n\n<div class=\"wp-block-group has-global-padding is-content-justification-left is-layout-constrained wp-container-core-group-is-layout-9fe8ed88 wp-block-group-is-layout-constrained\">\n<p class=\"wp-container-content-0733e5d0\"><\/p>\n<\/div>\n<\/div>\n<\/div>\n\n\n\n<div class=\"wp-block-column is-vertically-aligned-center is-layout-flow wp-block-column-is-layout-flow\" style=\"flex-basis:50%\">\n<p><br> Depuis plus de <strong>vingt ans<\/strong>, il poursuit cette qu\u00eate : comprendre les difficult\u00e9s des \u00e9l\u00e8ves, redonner du souffle \u00e0 l\u2019enseignement et, quelque part, <strong>r\u00e9parer son propre pass\u00e9 d\u2019\u00e9l\u00e8ve en souffrance<\/strong>.<br>Devenu <strong>p\u00e9dagogue praticien<\/strong>, il refuse les \u00e9tiquettes. Il est \u00e0 la fois <strong>enseignant, coach scolaire, directeur d\u2019\u00e9cole, formateur, auteur<\/strong> et <strong>animateur d\u2019\u00e9cole de devoirs<\/strong>. Chaque r\u00f4le, chaque exp\u00e9rience, est pour lui une nouvelle mani\u00e8re d\u2019observer, d\u2019exp\u00e9rimenter, de <strong>trouver un morceau de solution \u00e0 la d\u00e9sesp\u00e9rance scolaire<\/strong>.<br>Son parcours n\u2019est pas seulement une r\u00e9ussite personnelle : c\u2019est une preuve vivante que l\u2019on peut apprendre autrement, et redonner du sens \u00e0 l\u2019\u00e9cole.<\/p>\n<\/div>\n<\/div>\n<\/div>\n\n\n\n<div class=\"wp-block-group alignfull has-accent-background-color has-background has-global-padding is-layout-constrained wp-container-core-group-is-layout-669513ed wp-block-group-is-layout-constrained\" style=\"margin-top:0;margin-bottom:0;padding-top:var(--wp--preset--spacing--50);padding-right:var(--wp--preset--spacing--50);padding-bottom:var(--wp--preset--spacing--50);padding-left:var(--wp--preset--spacing--50)\">\n<div class=\"wp-block-columns alignwide is-layout-flex wp-container-core-columns-is-layout-1da03c2a wp-block-columns-is-layout-flex\">\n<div class=\"wp-block-column is-vertically-aligned-stretch is-layout-flow wp-block-column-is-layout-flow\" style=\"flex-basis:50%\">\n<div class=\"wp-block-group is-vertical is-content-justification-stretch is-layout-flex wp-container-core-group-is-layout-444d5ee8 wp-block-group-is-layout-flex\" style=\"min-height:100%\">\n<p class=\"has-heading-font-family has-x-large-font-size\" style=\"line-height:1.2\">Philosophie p\u00e9dagogique<\/p>\n\n\n\n<div class=\"wp-block-group has-global-padding is-content-justification-left is-layout-constrained wp-container-core-group-is-layout-9fe8ed88 wp-block-group-is-layout-constrained\">\n<p class=\"wp-container-content-0733e5d0\"><\/p>\n<\/div>\n<\/div>\n<\/div>\n\n\n\n<div class=\"wp-block-column is-vertically-aligned-center is-layout-flow wp-block-column-is-layout-flow\" style=\"flex-basis:50%\">\n<p>\u00ab L\u2019\u00e9cole ne doit plus instruire, elle doit inspirer. \u00bb<\/p>\n\n\n\n<p>\u00ab Quand les enseignants apprennent encore, les \u00e9l\u00e8ves apprennent mieux. \u00bb<\/p>\n\n\n\n<p>\u00ab On ne r\u00e9ussit pas par la note, mais par le projet. \u00bb<\/p>\n\n\n\n<p>\u00ab L\u2019IA n\u2019enseigne pas \u00e0 notre place, elle lib\u00e8re notre place. \u00bb<\/p>\n\n\n\n<p>\u00ab On ne s\u2019oriente pas vers un m\u00e9tier, on s\u2019oriente vers soi. \u00bb<\/p>\n<\/div>\n<\/div>\n<\/div>\n\n\n\n<div class=\"wp-block-group alignfull has-accent-background-color has-background has-global-padding is-layout-constrained wp-container-core-group-is-layout-669513ed wp-block-group-is-layout-constrained\" style=\"margin-top:0;margin-bottom:0;padding-top:var(--wp--preset--spacing--50);padding-right:var(--wp--preset--spacing--50);padding-bottom:var(--wp--preset--spacing--50);padding-left:var(--wp--preset--spacing--50)\">\n<div class=\"wp-block-columns alignwide is-layout-flex wp-container-core-columns-is-layout-1da03c2a wp-block-columns-is-layout-flex\">\n<div class=\"wp-block-column is-vertically-aligned-stretch is-layout-flow wp-block-column-is-layout-flow\" style=\"flex-basis:50%\">\n<div class=\"wp-block-group is-vertical is-content-justification-stretch is-layout-flex wp-container-core-group-is-layout-444d5ee8 wp-block-group-is-layout-flex\" style=\"min-height:100%\">\n<p class=\"has-heading-font-family has-x-large-font-size\" style=\"line-height:1.2\">Photos<\/p>\n\n\n\n<div class=\"wp-block-group has-global-padding is-content-justification-left is-layout-constrained wp-container-core-group-is-layout-9fe8ed88 wp-block-group-is-layout-constrained\">\n<p class=\"wp-container-content-0733e5d0\"><\/p>\n<\/div>\n<\/div>\n<\/div>\n<\/div>\n\n\n\n<div class=\"wp-block-media-text is-stacked-on-mobile\"><figure class=\"wp-block-media-text__media\"><img loading=\"lazy\" decoding=\"async\" width=\"1024\" height=\"964\" src=\"https:\/\/renaud-keymeulen.be\/wp-content\/uploads\/2025\/10\/Portrait_RK-1-1-1024x964.jpeg\" alt=\"\" class=\"wp-image-157 size-full\" srcset=\"https:\/\/renaud-keymeulen.be\/wp-content\/uploads\/2025\/10\/Portrait_RK-1-1-1024x964.jpeg 1024w, https:\/\/renaud-keymeulen.be\/wp-content\/uploads\/2025\/10\/Portrait_RK-1-1-300x283.jpeg 300w, https:\/\/renaud-keymeulen.be\/wp-content\/uploads\/2025\/10\/Portrait_RK-1-1-768x723.jpeg 768w, https:\/\/renaud-keymeulen.be\/wp-content\/uploads\/2025\/10\/Portrait_RK-1-1-1536x1447.jpeg 1536w, https:\/\/renaud-keymeulen.be\/wp-content\/uploads\/2025\/10\/Portrait_RK-1-1-2048x1929.jpeg 2048w\" sizes=\"auto, (max-width: 1024px) 100vw, 1024px\" \/><\/figure><div class=\"wp-block-media-text__content\">\n<p><\/p>\n\n\n\n<figure class=\"wp-block-image aligncenter size-large is-resized\"><img loading=\"lazy\" decoding=\"async\" width=\"683\" height=\"1024\" src=\"http:\/\/renaud-keymeulen.be\/wp-content\/uploads\/2025\/10\/2019-03-09-12-2-683x1024.jpg\" alt=\"\" class=\"wp-image-156\" style=\"width:152px;height:auto\" srcset=\"https:\/\/renaud-keymeulen.be\/wp-content\/uploads\/2025\/10\/2019-03-09-12-2-683x1024.jpg 683w, https:\/\/renaud-keymeulen.be\/wp-content\/uploads\/2025\/10\/2019-03-09-12-2-200x300.jpg 200w, https:\/\/renaud-keymeulen.be\/wp-content\/uploads\/2025\/10\/2019-03-09-12-2-768x1152.jpg 768w, https:\/\/renaud-keymeulen.be\/wp-content\/uploads\/2025\/10\/2019-03-09-12-2-1024x1536.jpg 1024w, https:\/\/renaud-keymeulen.be\/wp-content\/uploads\/2025\/10\/2019-03-09-12-2-1365x2048.jpg 1365w, https:\/\/renaud-keymeulen.be\/wp-content\/uploads\/2025\/10\/2019-03-09-12-2-scaled.jpg 1706w\" sizes=\"auto, (max-width: 683px) 100vw, 683px\" \/><\/figure>\n<\/div><\/div>\n<\/div>\n","protected":false},"excerpt":{"rendered":"<p>Kit marketing Biographie Storytelling Philosophie p\u00e9dagogique Photos Lien vers un padlet avec des articles Biographie Renaud Keymeulen, n\u00e9 en 1976, est un p\u00e9dagogue belge reconnu pour son engagement dans les p\u00e9dagogies actives et la ludop\u00e9dagogie. Form\u00e9 en sciences de l\u2019\u00e9ducation \u00e0 l\u2019UCLouvain, il a enseign\u00e9 plus de vingt ans avant de devenir formateur et conf\u00e9rencier. [&hellip;]<\/p>\n","protected":false},"author":1,"featured_media":0,"parent":0,"menu_order":0,"comment_status":"closed","ping_status":"closed","template":"","meta":{"footnotes":""},"class_list":["post-23","page","type-page","status-publish","hentry"],"yoast_head":"<!-- This site is optimized with the Yoast SEO plugin v26.2 - https:\/\/yoast.com\/wordpress\/plugins\/seo\/ -->\n<title>Espace presse - Pour un autre enseignement<\/title>\n<meta name=\"robots\" content=\"index, follow, max-snippet:-1, max-image-preview:large, max-video-preview:-1\" \/>\n<link rel=\"canonical\" href=\"https:\/\/renaud-keymeulen.be\/index.php\/espace-presse\/\" \/>\n<meta property=\"og:locale\" content=\"fr_FR\" \/>\n<meta property=\"og:type\" content=\"article\" \/>\n<meta property=\"og:title\" content=\"Espace presse - Pour un autre enseignement\" \/>\n<meta property=\"og:description\" content=\"Kit marketing Biographie Storytelling Philosophie p\u00e9dagogique Photos Lien vers un padlet avec des articles Biographie Renaud Keymeulen, n\u00e9 en 1976, est un p\u00e9dagogue belge reconnu pour son engagement dans les p\u00e9dagogies actives et la ludop\u00e9dagogie. Form\u00e9 en sciences de l\u2019\u00e9ducation \u00e0 l\u2019UCLouvain, il a enseign\u00e9 plus de vingt ans avant de devenir formateur et conf\u00e9rencier. [&hellip;]\" \/>\n<meta property=\"og:url\" content=\"https:\/\/renaud-keymeulen.be\/index.php\/espace-presse\/\" \/>\n<meta property=\"og:site_name\" content=\"Pour un autre enseignement\" \/>\n<meta property=\"article:modified_time\" content=\"2025-10-30T13:38:54+00:00\" \/>\n<meta property=\"og:image\" content=\"https:\/\/renaud-keymeulen.be\/wp-content\/uploads\/2025\/10\/ChatGPT-Image-28-oct.-2025-22_12_47.png\" \/>\n<meta name=\"twitter:card\" content=\"summary_large_image\" \/>\n<meta name=\"twitter:label1\" content=\"Dur\u00e9e de lecture est.\" \/>\n\t<meta name=\"twitter:data1\" content=\"3 minutes\" \/>\n<script type=\"application\/ld+json\" class=\"yoast-schema-graph\">{\"@context\":\"https:\/\/schema.org\",\"@graph\":[{\"@type\":\"WebPage\",\"@id\":\"https:\/\/renaud-keymeulen.be\/index.php\/espace-presse\/\",\"url\":\"https:\/\/renaud-keymeulen.be\/index.php\/espace-presse\/\",\"name\":\"Espace presse - Pour un autre enseignement\",\"isPartOf\":{\"@id\":\"http:\/\/renaud-keymeulen.be\/#website\"},\"primaryImageOfPage\":{\"@id\":\"https:\/\/renaud-keymeulen.be\/index.php\/espace-presse\/#primaryimage\"},\"image\":{\"@id\":\"https:\/\/renaud-keymeulen.be\/index.php\/espace-presse\/#primaryimage\"},\"thumbnailUrl\":\"https:\/\/renaud-keymeulen.be\/wp-content\/uploads\/2025\/10\/ChatGPT-Image-28-oct.-2025-22_12_47.png\",\"datePublished\":\"2025-10-27T20:37:19+00:00\",\"dateModified\":\"2025-10-30T13:38:54+00:00\",\"breadcrumb\":{\"@id\":\"https:\/\/renaud-keymeulen.be\/index.php\/espace-presse\/#breadcrumb\"},\"inLanguage\":\"fr-BE\",\"potentialAction\":[{\"@type\":\"ReadAction\",\"target\":[\"https:\/\/renaud-keymeulen.be\/index.php\/espace-presse\/\"]}]},{\"@type\":\"ImageObject\",\"inLanguage\":\"fr-BE\",\"@id\":\"https:\/\/renaud-keymeulen.be\/index.php\/espace-presse\/#primaryimage\",\"url\":\"https:\/\/renaud-keymeulen.be\/wp-content\/uploads\/2025\/10\/ChatGPT-Image-28-oct.-2025-22_12_47.png\",\"contentUrl\":\"https:\/\/renaud-keymeulen.be\/wp-content\/uploads\/2025\/10\/ChatGPT-Image-28-oct.-2025-22_12_47.png\",\"width\":1024,\"height\":1024},{\"@type\":\"BreadcrumbList\",\"@id\":\"https:\/\/renaud-keymeulen.be\/index.php\/espace-presse\/#breadcrumb\",\"itemListElement\":[{\"@type\":\"ListItem\",\"position\":1,\"name\":\"Accueil\",\"item\":\"http:\/\/renaud-keymeulen.be\/\"},{\"@type\":\"ListItem\",\"position\":2,\"name\":\"Espace presse\"}]},{\"@type\":\"WebSite\",\"@id\":\"http:\/\/renaud-keymeulen.be\/#website\",\"url\":\"http:\/\/renaud-keymeulen.be\/\",\"name\":\"Pour un autre enseignement\",\"description\":\"Apprendre avec plaisir et efficacit\u00e9 devrait \u00eatre un minimum pour notre enseignement\",\"potentialAction\":[{\"@type\":\"SearchAction\",\"target\":{\"@type\":\"EntryPoint\",\"urlTemplate\":\"http:\/\/renaud-keymeulen.be\/?s={search_term_string}\"},\"query-input\":{\"@type\":\"PropertyValueSpecification\",\"valueRequired\":true,\"valueName\":\"search_term_string\"}}],\"inLanguage\":\"fr-BE\"}]}<\/script>\n<!-- \/ Yoast SEO plugin. -->","yoast_head_json":{"title":"Espace presse - Pour un autre enseignement","robots":{"index":"index","follow":"follow","max-snippet":"max-snippet:-1","max-image-preview":"max-image-preview:large","max-video-preview":"max-video-preview:-1"},"canonical":"https:\/\/renaud-keymeulen.be\/index.php\/espace-presse\/","og_locale":"fr_FR","og_type":"article","og_title":"Espace presse - Pour un autre enseignement","og_description":"Kit marketing Biographie Storytelling Philosophie p\u00e9dagogique Photos Lien vers un padlet avec des articles Biographie Renaud Keymeulen, n\u00e9 en 1976, est un p\u00e9dagogue belge reconnu pour son engagement dans les p\u00e9dagogies actives et la ludop\u00e9dagogie. Form\u00e9 en sciences de l\u2019\u00e9ducation \u00e0 l\u2019UCLouvain, il a enseign\u00e9 plus de vingt ans avant de devenir formateur et conf\u00e9rencier. [&hellip;]","og_url":"https:\/\/renaud-keymeulen.be\/index.php\/espace-presse\/","og_site_name":"Pour un autre enseignement","article_modified_time":"2025-10-30T13:38:54+00:00","og_image":[{"url":"https:\/\/renaud-keymeulen.be\/wp-content\/uploads\/2025\/10\/ChatGPT-Image-28-oct.-2025-22_12_47.png","type":"","width":"","height":""}],"twitter_card":"summary_large_image","twitter_misc":{"Dur\u00e9e de lecture est.":"3 minutes"},"schema":{"@context":"https:\/\/schema.org","@graph":[{"@type":"WebPage","@id":"https:\/\/renaud-keymeulen.be\/index.php\/espace-presse\/","url":"https:\/\/renaud-keymeulen.be\/index.php\/espace-presse\/","name":"Espace presse - Pour un autre enseignement","isPartOf":{"@id":"http:\/\/renaud-keymeulen.be\/#website"},"primaryImageOfPage":{"@id":"https:\/\/renaud-keymeulen.be\/index.php\/espace-presse\/#primaryimage"},"image":{"@id":"https:\/\/renaud-keymeulen.be\/index.php\/espace-presse\/#primaryimage"},"thumbnailUrl":"https:\/\/renaud-keymeulen.be\/wp-content\/uploads\/2025\/10\/ChatGPT-Image-28-oct.-2025-22_12_47.png","datePublished":"2025-10-27T20:37:19+00:00","dateModified":"2025-10-30T13:38:54+00:00","breadcrumb":{"@id":"https:\/\/renaud-keymeulen.be\/index.php\/espace-presse\/#breadcrumb"},"inLanguage":"fr-BE","potentialAction":[{"@type":"ReadAction","target":["https:\/\/renaud-keymeulen.be\/index.php\/espace-presse\/"]}]},{"@type":"ImageObject","inLanguage":"fr-BE","@id":"https:\/\/renaud-keymeulen.be\/index.php\/espace-presse\/#primaryimage","url":"https:\/\/renaud-keymeulen.be\/wp-content\/uploads\/2025\/10\/ChatGPT-Image-28-oct.-2025-22_12_47.png","contentUrl":"https:\/\/renaud-keymeulen.be\/wp-content\/uploads\/2025\/10\/ChatGPT-Image-28-oct.-2025-22_12_47.png","width":1024,"height":1024},{"@type":"BreadcrumbList","@id":"https:\/\/renaud-keymeulen.be\/index.php\/espace-presse\/#breadcrumb","itemListElement":[{"@type":"ListItem","position":1,"name":"Accueil","item":"http:\/\/renaud-keymeulen.be\/"},{"@type":"ListItem","position":2,"name":"Espace presse"}]},{"@type":"WebSite","@id":"http:\/\/renaud-keymeulen.be\/#website","url":"http:\/\/renaud-keymeulen.be\/","name":"Pour un autre enseignement","description":"Apprendre avec plaisir et efficacit\u00e9 devrait \u00eatre un minimum pour notre enseignement","potentialAction":[{"@type":"SearchAction","target":{"@type":"EntryPoint","urlTemplate":"http:\/\/renaud-keymeulen.be\/?s={search_term_string}"},"query-input":{"@type":"PropertyValueSpecification","valueRequired":true,"valueName":"search_term_string"}}],"inLanguage":"fr-BE"}]}},"_links":{"self":[{"href":"https:\/\/renaud-keymeulen.be\/index.php\/wp-json\/wp\/v2\/pages\/23","targetHints":{"allow":["GET"]}}],"collection":[{"href":"https:\/\/renaud-keymeulen.be\/index.php\/wp-json\/wp\/v2\/pages"}],"about":[{"href":"https:\/\/renaud-keymeulen.be\/index.php\/wp-json\/wp\/v2\/types\/page"}],"author":[{"embeddable":true,"href":"https:\/\/renaud-keymeulen.be\/index.php\/wp-json\/wp\/v2\/users\/1"}],"replies":[{"embeddable":true,"href":"https:\/\/renaud-keymeulen.be\/index.php\/wp-json\/wp\/v2\/comments?post=23"}],"version-history":[{"count":10,"href":"https:\/\/renaud-keymeulen.be\/index.php\/wp-json\/wp\/v2\/pages\/23\/revisions"}],"predecessor-version":[{"id":158,"href":"https:\/\/renaud-keymeulen.be\/index.php\/wp-json\/wp\/v2\/pages\/23\/revisions\/158"}],"wp:attachment":[{"href":"https:\/\/renaud-keymeulen.be\/index.php\/wp-json\/wp\/v2\/media?parent=23"}],"curies":[{"name":"wp","href":"https:\/\/api.w.org\/{rel}","templated":true}]}}